{"id":1599,"date":"2018-03-04T11:34:02","date_gmt":"2018-03-04T10:34:02","guid":{"rendered":"http:\/\/laprats.fr\/blog\/?page_id=1599"},"modified":"2018-09-25T13:31:09","modified_gmt":"2018-09-25T11:31:09","slug":"annees-80","status":"publish","type":"page","link":"http:\/\/laprats.fr\/blog\/annees-80\/","title":{"rendered":"Ann\u00e9es 80"},"content":{"rendered":"<p style=\"text-align: center;\"><a href=\"http:\/\/laprats.fr\/blog\/wp-content\/uploads\/2018\/02\/logoann\u00e9es80.jpg\"><img loading=\"lazy\" decoding=\"async\" class=\"size-medium wp-image-1596 aligncenter\" src=\"http:\/\/laprats.fr\/blog\/wp-content\/uploads\/2018\/02\/logoann\u00e9es80-300x117.jpg\" alt=\"\" width=\"300\" height=\"117\" srcset=\"http:\/\/laprats.fr\/blog\/wp-content\/uploads\/2018\/02\/logoann\u00e9es80-300x117.jpg 300w, http:\/\/laprats.fr\/blog\/wp-content\/uploads\/2018\/02\/logoann\u00e9es80.jpg 768w\" sizes=\"auto, (max-width: 300px) 100vw, 300px\" \/><\/a><\/p>\n<p style=\"text-align: center;\">Invitation \u00e0 l\u2019AG + cotisation <em><strong>(il n&rsquo;y a plus de place pour le repas de midi)<\/strong><\/em><\/p>\n<p style=\"text-align: center;\"><a href=\"http:\/\/www.laprats.fr\/Sweat.pdf\">Bulletin de cotisation seul<\/a><\/p>\n<p style=\"text-align: center;\">Commande de sweat \u00ab\u00a0La Prat\u2019s\u00a0\u00bb <em><strong>(prise de commande termin\u00e9e)<\/strong><\/em><\/p>\n<p style=\"text-align: center;\"><strong>Nouveau\u00a0<\/strong>: tu peux \u00e9galement t\u2019inscrire et cotiser par internet via <a href=\"https:\/\/www.helloasso.com\/associations\/la-prat-s-de-cluny\/adhesions\/a-g-2018\">notre partenaire Helloasso<\/a><\/p>\n<p style=\"text-align: center;\">(<a href=\"http:\/\/www.laprats.fr\/Helloasso.pdf\">mode d\u2019emploi<\/a> Helloasso)<\/p>\n<p>&nbsp;<\/p>\n<p><strong><em>Chers anciens,<\/em><\/strong><\/p>\n<p><strong><em>Comme vous le savez, chaque ann\u00e9e a lieu le premier samedi d&rsquo;octobre l&rsquo;AG de notre association des Anciens \u00e9l\u00e8ves, personnels et enseignants de la Prat&rsquo;s.<\/em><\/strong><\/p>\n<p><strong><em>Nous vous proposons traditionnellement de poursuivre l&rsquo;AG par un ap\u00e9ritif puis un repas pris ensemble. Ce sera bien entendu encore le cas le <span style=\"color: #ff0000;\">6 octobre<\/span> prochain (2018).<\/em><\/strong><\/p>\n<p><strong><em>N\u00e9anmoins, nous avons souhait\u00e9 mettre \u00e0 l&rsquo;honneur\u00a0exceptionnellement cette ann\u00e9e,\u00a0au cours de cette journ\u00e9e, <span style=\"color: #ff0000;\">les personnes\u00a0pr\u00e9sentes au lyc\u00e9e\u00a0(\u00e9l\u00e8ves, personnels ou enseignants) au cours des ann\u00e9es 80<\/span>. L&rsquo;objectif \u00e9tant bien \u00e9videmment\u00a0de favoriser les retrouvailles\/\u00e9changes\/rencontres.<\/em><\/strong><\/p>\n<p><strong><em>A cette occasion:<\/em><\/strong><\/p>\n<p><strong><em>\u00a0 &#8211; une visite du lyc\u00e9e sera organis\u00e9e dans la matin\u00e9e,\u00a0<\/em><\/strong><\/p>\n<p><strong><em>\u00a0 &#8211; les archives de l&rsquo;association seront expos\u00e9es et mises \u00e0 votre disposition,\u00a0<\/em><\/strong><\/p>\n<p><strong><em>\u00a0 &#8211; d&rsquo;autres pi\u00e8ces et t\u00e9moignages fournis par l&rsquo;association des amis de Michel Bouillot seront pr\u00e9sent\u00e9s \u00e9galement,<\/em><\/strong><\/p>\n<p><strong><em>\u00a0 &#8211; et nous comptons surtout sur votre pr\u00e9sence nombreuse pour venir donner du corps et enrichir \u00e0 l&rsquo;\u00e9v\u00e9nement!<\/em><\/strong><\/p>\n<p style=\"text-align: center;\">Pr\u00e9-Inscriptions DOODLE termin\u00e9es<\/p>\n<p><strong><em>Le programme que nous vous proposons pour cette journ\u00e9e du 06 octobre 2018 est donc le suivant:<\/em><\/strong><\/p>\n<ul>\n<li>09h30 Accueil et caf\u00e9 offert par le lyc\u00e9e<\/li>\n<li>10h00 A.G.<\/li>\n<li>11h30 Visite du lyc\u00e9e<\/li>\n<li>12h00 D\u00e9p\u00f4t de gerbe<\/li>\n<li>12h15 Ap\u00e9ritif offert par le lyc\u00e9e<\/li>\n<li>13h00 Repas au r\u00e9fectoire du lyc\u00e9e (ouvert \u00e0 tous les anciens \u00e0 jour de cotisations et leurs conjoints et enfants) <strong><em>(<a href=\"http:\/\/laprats.fr\/blog\/wp-content\/uploads\/2018\/06\/MenuAG2018.pdf\">t\u00e9l\u00e9charger le menu<\/a>) <\/em><\/strong><\/li>\n<li>17h30 Visite de Blanot<\/li>\n<li>18h00 Pr\u00e9sentation de deux vignerons et d\u00e9gustation de fromage de ch\u00e8vre<\/li>\n<li>19h15 Repas du soir (budget 18 \u20ac environ)<\/li>\n<li>Nuit\u00e9e possible sur place \u00e0 la Moutonnerie \u00e0 Toury (Cortembert) ou \u00e0 l\u2019Auberge du Prieur\u00e9 \u00e0 Blanot<\/li>\n<\/ul>\n<p><strong><em>La participation demand\u00e9e pour cette journ\u00e9e est de 36\u20ac\/personne pour les adultes et de 15\u20ac\/personne pour les enfants (hors d\u00eener \u00e9ventuel et nuit\u00e9e d&rsquo;h\u00f4tel).<\/em><\/strong><\/p>\n<p><strong><em><span style=\"color: #ff0000;\">Pour tous les anciens des ann\u00e9es 80 (\u00e0 jour de cotisations), le conjoint s&rsquo;il est pr\u00e9sent sera invit\u00e9 gracieusement au d\u00e9jeuner<\/span> par l&rsquo;association.<\/em><\/strong><\/p>\n<p><strong><em>Nous rappelons enfin que m\u00eame si les anciens des ann\u00e9es 80 seront mis \u00e0 l&rsquo;honneur, <span style=\"color: #ff0000;\">les prat&rsquo;siens de toutes g\u00e9n\u00e9rations\u00a0souhaitant participer \u00e0 ce rassemblement sont les bienvenus<\/span>.\u00a0Vous pouvez envoyer vos questions \u00e0 <a href=\"mailto:laprats@laprats.fr\">laprats@laprats.fr<\/a> \u00a0<\/em><\/strong><\/p>\n<p><strong><em>Au plaisir de vous revoir prochainement!<\/em><\/strong><\/p>\n<p><strong><em>Amicalement.<\/em><\/strong><\/p>\n<p><strong>Le Pr\u00e9sident<\/strong><\/p>\n","protected":false},"excerpt":{"rendered":"<p>Invitation \u00e0 l\u2019AG + cotisation (il n&rsquo;y a plus de place pour le repas de midi) Bulletin de cotisation seul Commande de sweat \u00ab\u00a0La Prat\u2019s\u00a0\u00bb (prise de commande termin\u00e9e) Nouveau\u00a0: <a href=\"http:\/\/laprats.fr\/blog\/annees-80\/\" class=\"more-link\">[&hellip;]<\/a><\/p>\n","protected":false},"author":6,"featured_media":0,"parent":0,"menu_order":0,"comment_status":"closed","ping_status":"closed","template":"","meta":{"Layout":"","footnotes":""},"class_list":["entry","author-pascal","post-1599","page","type-page","status-publish"],"yoast_head":"<!-- This site is optimized with the Yoast SEO plugin v27.4 - https:\/\/yoast.com\/product\/yoast-seo-wordpress\/ -->\n<title>Ann\u00e9es 80 - Bienvenue<\/title>\n<meta name=\"robots\" content=\"index, follow, max-snippet:-1, max-image-preview:large, max-video-preview:-1\" \/>\n<link rel=\"canonical\" href=\"http:\/\/laprats.fr\/blog\/annees-80\/\" \/>\n<meta property=\"og:locale\" content=\"fr_FR\" \/>\n<meta property=\"og:type\" content=\"article\" \/>\n<meta property=\"og:title\" content=\"Ann\u00e9es 80 - Bienvenue\" \/>\n<meta property=\"og:description\" content=\"Invitation \u00e0 l\u2019AG + cotisation (il n&rsquo;y a plus de place pour le repas de midi) Bulletin de cotisation seul Commande de sweat \u00ab\u00a0La Prat\u2019s\u00a0\u00bb (prise de commande termin\u00e9e) Nouveau\u00a0: [&hellip;]\" \/>\n<meta property=\"og:url\" content=\"http:\/\/laprats.fr\/blog\/annees-80\/\" \/>\n<meta property=\"og:site_name\" content=\"Bienvenue\" \/>\n<meta property=\"article:publisher\" content=\"https:\/\/fr-fr.facebook.com\/pages\/Association-La-Prats-de-Cluny\/224204740976190?sk=wall\" \/>\n<meta property=\"article:modified_time\" content=\"2018-09-25T11:31:09+00:00\" \/>\n<meta property=\"og:image\" content=\"http:\/\/laprats.fr\/blog\/wp-content\/uploads\/2014\/09\/fonddepage.jpg\" \/>\n\t<meta property=\"og:image:width\" content=\"200\" \/>\n\t<meta property=\"og:image:height\" content=\"200\" \/>\n\t<meta property=\"og:image:type\" content=\"image\/jpeg\" \/>\n<meta name=\"twitter:label1\" content=\"Dur\u00e9e de lecture estim\u00e9e\" \/>\n\t<meta name=\"twitter:data1\" content=\"2 minutes\" \/>\n<script type=\"application\/ld+json\" class=\"yoast-schema-graph\">{\"@context\":\"https:\\\/\\\/schema.org\",\"@graph\":[{\"@type\":\"WebPage\",\"@id\":\"http:\\\/\\\/laprats.fr\\\/blog\\\/annees-80\\\/\",\"url\":\"http:\\\/\\\/laprats.fr\\\/blog\\\/annees-80\\\/\",\"name\":\"Ann\u00e9es 80 - Bienvenue\",\"isPartOf\":{\"@id\":\"http:\\\/\\\/laprats.fr\\\/blog\\\/#website\"},\"datePublished\":\"2018-03-04T10:34:02+00:00\",\"dateModified\":\"2018-09-25T11:31:09+00:00\",\"breadcrumb\":{\"@id\":\"http:\\\/\\\/laprats.fr\\\/blog\\\/annees-80\\\/#breadcrumb\"},\"inLanguage\":\"fr-FR\",\"potentialAction\":[{\"@type\":\"ReadAction\",\"target\":[\"http:\\\/\\\/laprats.fr\\\/blog\\\/annees-80\\\/\"]}]},{\"@type\":\"BreadcrumbList\",\"@id\":\"http:\\\/\\\/laprats.fr\\\/blog\\\/annees-80\\\/#breadcrumb\",\"itemListElement\":[{\"@type\":\"ListItem\",\"position\":1,\"name\":\"Accueil\",\"item\":\"http:\\\/\\\/laprats.fr\\\/blog\\\/\"},{\"@type\":\"ListItem\",\"position\":2,\"name\":\"Ann\u00e9es 80\"}]},{\"@type\":\"WebSite\",\"@id\":\"http:\\\/\\\/laprats.fr\\\/blog\\\/#website\",\"url\":\"http:\\\/\\\/laprats.fr\\\/blog\\\/\",\"name\":\"Bienvenue\",\"description\":\"D&#039;hier et d&#039;aujourd&#039;hui ... pour demain\",\"potentialAction\":[{\"@type\":\"SearchAction\",\"target\":{\"@type\":\"EntryPoint\",\"urlTemplate\":\"http:\\\/\\\/laprats.fr\\\/blog\\\/?s={search_term_string}\"},\"query-input\":{\"@type\":\"PropertyValueSpecification\",\"valueRequired\":true,\"valueName\":\"search_term_string\"}}],\"inLanguage\":\"fr-FR\"}]}<\/script>\n<!-- \/ Yoast SEO plugin. -->","yoast_head_json":{"title":"Ann\u00e9es 80 - Bienvenue","robots":{"index":"index","follow":"follow","max-snippet":"max-snippet:-1","max-image-preview":"max-image-preview:large","max-video-preview":"max-video-preview:-1"},"canonical":"http:\/\/laprats.fr\/blog\/annees-80\/","og_locale":"fr_FR","og_type":"article","og_title":"Ann\u00e9es 80 - Bienvenue","og_description":"Invitation \u00e0 l\u2019AG + cotisation (il n&rsquo;y a plus de place pour le repas de midi) Bulletin de cotisation seul Commande de sweat \u00ab\u00a0La Prat\u2019s\u00a0\u00bb (prise de commande termin\u00e9e) Nouveau\u00a0: [&hellip;]","og_url":"http:\/\/laprats.fr\/blog\/annees-80\/","og_site_name":"Bienvenue","article_publisher":"https:\/\/fr-fr.facebook.com\/pages\/Association-La-Prats-de-Cluny\/224204740976190?sk=wall","article_modified_time":"2018-09-25T11:31:09+00:00","og_image":[{"width":200,"height":200,"url":"http:\/\/laprats.fr\/blog\/wp-content\/uploads\/2014\/09\/fonddepage.jpg","type":"image\/jpeg"}],"twitter_misc":{"Dur\u00e9e de lecture estim\u00e9e":"2 minutes"},"schema":{"@context":"https:\/\/schema.org","@graph":[{"@type":"WebPage","@id":"http:\/\/laprats.fr\/blog\/annees-80\/","url":"http:\/\/laprats.fr\/blog\/annees-80\/","name":"Ann\u00e9es 80 - Bienvenue","isPartOf":{"@id":"http:\/\/laprats.fr\/blog\/#website"},"datePublished":"2018-03-04T10:34:02+00:00","dateModified":"2018-09-25T11:31:09+00:00","breadcrumb":{"@id":"http:\/\/laprats.fr\/blog\/annees-80\/#breadcrumb"},"inLanguage":"fr-FR","potentialAction":[{"@type":"ReadAction","target":["http:\/\/laprats.fr\/blog\/annees-80\/"]}]},{"@type":"BreadcrumbList","@id":"http:\/\/laprats.fr\/blog\/annees-80\/#breadcrumb","itemListElement":[{"@type":"ListItem","position":1,"name":"Accueil","item":"http:\/\/laprats.fr\/blog\/"},{"@type":"ListItem","position":2,"name":"Ann\u00e9es 80"}]},{"@type":"WebSite","@id":"http:\/\/laprats.fr\/blog\/#website","url":"http:\/\/laprats.fr\/blog\/","name":"Bienvenue","description":"D&#039;hier et d&#039;aujourd&#039;hui ... pour demain","potentialAction":[{"@type":"SearchAction","target":{"@type":"EntryPoint","urlTemplate":"http:\/\/laprats.fr\/blog\/?s={search_term_string}"},"query-input":{"@type":"PropertyValueSpecification","valueRequired":true,"valueName":"search_term_string"}}],"inLanguage":"fr-FR"}]}},"_links":{"self":[{"href":"http:\/\/laprats.fr\/blog\/wp-json\/wp\/v2\/pages\/1599","targetHints":{"allow":["GET"]}}],"collection":[{"href":"http:\/\/laprats.fr\/blog\/wp-json\/wp\/v2\/pages"}],"about":[{"href":"http:\/\/laprats.fr\/blog\/wp-json\/wp\/v2\/types\/page"}],"author":[{"embeddable":true,"href":"http:\/\/laprats.fr\/blog\/wp-json\/wp\/v2\/users\/6"}],"replies":[{"embeddable":true,"href":"http:\/\/laprats.fr\/blog\/wp-json\/wp\/v2\/comments?post=1599"}],"version-history":[{"count":8,"href":"http:\/\/laprats.fr\/blog\/wp-json\/wp\/v2\/pages\/1599\/revisions"}],"predecessor-version":[{"id":1690,"href":"http:\/\/laprats.fr\/blog\/wp-json\/wp\/v2\/pages\/1599\/revisions\/1690"}],"wp:attachment":[{"href":"http:\/\/laprats.fr\/blog\/wp-json\/wp\/v2\/media?parent=1599"}],"curies":[{"name":"wp","href":"https:\/\/api.w.org\/{rel}","templated":true}]}}